{"id":13432,"date":"2022-08-17T12:24:40","date_gmt":"2022-08-17T10:24:40","guid":{"rendered":"https:\/\/www.seval.ch\/?page_id=13432"},"modified":"2022-09-21T10:51:28","modified_gmt":"2022-09-21T08:51:28","slug":"appreciation-et-communication-des-resultats","status":"publish","type":"page","link":"https:\/\/www.seval.ch\/fr\/standards-competences\/standards\/appreciation-et-communication-des-resultats\/","title":{"rendered":"Appr\u00e9ciation et communication des r\u00e9sultats"},"content":{"rendered":"<p><strong>C1 Appr\u00e9ciation compl\u00e8te et \u00e9quitable<\/strong><br \/>\nL\u2019appr\u00e9ciation de l\u2019objet d\u2019\u00e9valuation est compl\u00e8te et \u00e9quitable de mani\u00e8re \u00e0 renforcer les aspects positifs et \u00e0 faciliter la correction des points faibles.<\/p>\n<p><strong>C2 Appr\u00e9ciation transparente et conclusions fond\u00e9es<\/strong><br \/>\nL\u2019appr\u00e9ciation de l\u2019objet d\u2019\u00e9valuation se fait de fa\u00e7on syst\u00e9matique. Les crit\u00e8res d\u2019appr\u00e9ciation, les fondements empiriques ainsi que le processus d\u2019appr\u00e9ciation sont pr\u00e9sent\u00e9s de mani\u00e8re compr\u00e9hensible. Les conclusions sont fond\u00e9es sur les donn\u00e9es disponibles et sont justifi\u00e9es.<\/p>\n<p><strong>C3 Recommandations utiles<\/strong><br \/>\nLes \u00e9ventuelles recommandations sont fond\u00e9es et concr\u00e8tes. De plus, elles sont adress\u00e9es \u00e0 leurs destinataires et sont r\u00e9alisables pour ceux-ci.<\/p>\n<p><strong>C4 Communication ad\u00e9quate des r\u00e9sultats<\/strong><br \/>\nUn rapport d\u2019\u00e9valuation pr\u00e9sente les informations n\u00e9cessaires pour comprendre et suivre l\u2019\u00e9valuation sous une forme facilement compr\u00e9hensible, adapt\u00e9e aux destinataires et transparente. Il d\u00e9crit de mani\u00e8re \u00e9quilibr\u00e9e et impartiale l\u2019objet d\u2019\u00e9valuation, y compris son contexte, sa raison d\u2019\u00eatre, les questions d\u2019\u00e9valuation, le processus, les sources d\u2019information et les r\u00e9sultats de l\u2019\u00e9valuation ainsi que les limitations.<\/p>\n<p><strong>C5 Documentation de l\u2019\u00e9valuation<\/strong><br \/>\nSi besoin, tout le mat\u00e9riel n\u00e9cessaire pour permettre la v\u00e9rification des r\u00e9sultats par des tiers est document\u00e9 s\u00e9par\u00e9ment en compl\u00e9ment au rapport d\u2019\u00e9valuation.<\/p>\n<p><strong>C6 Acc\u00e8s aux r\u00e9sultats de l\u2019\u00e9valuation<\/strong><br \/>\nLes parties prenantes et groupes concern\u00e9s ont acc\u00e8s aux r\u00e9sultats de l\u2019\u00e9valuation.<\/p>\n","protected":false},"excerpt":{"rendered":"<p>C1 Appr\u00e9ciation compl\u00e8te et \u00e9quitable L\u2019appr\u00e9ciation de l\u2019objet d\u2019\u00e9valuation est compl\u00e8te et \u00e9quitable de mani\u00e8re \u00e0 renforcer les aspects positifs et \u00e0 faciliter la correction des points faibles. C2 Appr\u00e9ciation transparente et conclusions fond\u00e9es L\u2019appr\u00e9ciation de l\u2019objet d\u2019\u00e9valuation se fait de fa\u00e7on syst\u00e9matique. Les crit\u00e8res d\u2019appr\u00e9ciation, les fondements empiriques ainsi que le processus d\u2019appr\u00e9ciation sont &hellip;<\/p>\n","protected":false},"author":1,"featured_media":0,"parent":5000,"menu_order":0,"comment_status":"closed","ping_status":"closed","template":"","meta":{"_searchwp_excluded":"","advanced-sidebar-menu\/link-title":"","advanced-sidebar-menu\/exclude-page":false},"acf":[],"_links":{"self":[{"href":"https:\/\/www.seval.ch\/fr\/wp-json\/wp\/v2\/pages\/13432"}],"collection":[{"href":"https:\/\/www.seval.ch\/fr\/wp-json\/wp\/v2\/pages"}],"about":[{"href":"https:\/\/www.seval.ch\/fr\/wp-json\/wp\/v2\/types\/page"}],"author":[{"embeddable":true,"href":"https:\/\/www.seval.ch\/fr\/wp-json\/wp\/v2\/users\/1"}],"replies":[{"embeddable":true,"href":"https:\/\/www.seval.ch\/fr\/wp-json\/wp\/v2\/comments?post=13432"}],"version-history":[{"count":2,"href":"https:\/\/www.seval.ch\/fr\/wp-json\/wp\/v2\/pages\/13432\/revisions"}],"predecessor-version":[{"id":13788,"href":"https:\/\/www.seval.ch\/fr\/wp-json\/wp\/v2\/pages\/13432\/revisions\/13788"}],"up":[{"embeddable":true,"href":"https:\/\/www.seval.ch\/fr\/wp-json\/wp\/v2\/pages\/5000"}],"wp:attachment":[{"href":"https:\/\/www.seval.ch\/fr\/wp-json\/wp\/v2\/media?parent=13432"}],"curies":[{"name":"wp","href":"https:\/\/api.w.org\/{rel}","templated":true}]}}